{"id":4878,"date":"2025-11-20T11:04:35","date_gmt":"2025-11-20T10:04:35","guid":{"rendered":"https:\/\/www.doncha.si\/?post_type=product&#038;p=4878"},"modified":"2026-04-07T20:39:23","modified_gmt":"2026-04-07T18:39:23","slug":"donchina-viseca-mreza-podlogica-2","status":"publish","type":"product","link":"https:\/\/doncha.si\/sl\/shop\/mreze\/visecamreza\/donchina-viseca-mreza-podlogica-2\/","title":{"rendered":"DonChina vise\u010da mre\u017ea + podlogica &#8220;2&#8221;"},"content":{"rendered":"<p>\u2666 <a href=\"https:\/\/www.doncha.si\/uporaba-nasih-izdelkov-za-zivali-pranje-in-vzdrzevanje\/\">Pranje in vzdr\u017eevanje<\/a><br \/>\n\u2666 <a href=\"https:\/\/doncha.si\/uporaba-donchinega-pohistva-varnost\/\">Uporaba DonChinega pohi\u0161tva \u2013 VARNOST<\/a><\/p>\n<p>&nbsp;<\/p>\n","protected":false},"excerpt":{"rendered":"<p data-start=\"150\" data-end=\"192\"><strong data-start=\"150\" data-end=\"190\">Kompletek &#8211; DonChina vise\u010da mre\u017ea + podlogica<\/strong><\/p>\n<p data-start=\"194\" data-end=\"392\">Vise\u010da mre\u017ea polnjena s polnilom.&nbsp;<\/p>\n<p data-start=\"194\" data-end=\"392\">Podlogica polnjena s polnilom, mehka.&nbsp;<\/p>\n<p data-start=\"194\" data-end=\"392\">Namestitev po \u017eelji.&nbsp;<\/p>\n<p data-start=\"658\" data-end=\"686\">\ud83d\udce6 <strong data-start=\"661\" data-end=\"684\">V kompletu prejme\u0161:<\/strong><\/p>\n<ul data-start=\"687\" data-end=\"779\">\n<li data-start=\"687\" data-end=\"714\">\n<p data-start=\"689\" data-end=\"714\">Vise\u010da mre\u017ea velikost: 28x27cm<\/p>\n<\/li>\n<li data-start=\"715\" data-end=\"740\">\n<p data-start=\"717\" data-end=\"740\">Podlogica 27&#215;27 cm<\/p>\n<\/li>\n<\/ul>\n<p>Materiali : flis, polnilo, bomba\u017ena vrvica. Pralno.&nbsp;<\/p>\n<p><a href=\"https:\/\/doncha.si\/sl\/product-category\/dodatki\/\">Dodatna mo\u017enost pritrditve s karabini<\/a>.<\/p>\n<p><em>Ponudnik se trudi po najbolj\u0161ih mo\u010deh prikazati izdelke \u010dim bolj realno. Kljub temu pa so mo\u017ena manj\u0161a odstopanja barv. (Barva je bolj turkiz ne\u017ena kot modra)<\/em><\/p>\n","protected":false},"featured_media":4879,"template":"","meta":{"ngg_post_thumbnail":0},"product_brand":[],"product_cat":[33],"product_tag":[],"class_list":{"0":"post-4878","1":"product","2":"type-product","3":"status-publish","4":"has-post-thumbnail","6":"product_cat-visecamreza","8":"first","9":"instock","10":"shipping-taxable","11":"purchasable","12":"product-type-simple"},"_links":{"self":[{"href":"https:\/\/doncha.si\/sl\/wp-json\/wp\/v2\/product\/4878","targetHints":{"allow":["GET"]}}],"collection":[{"href":"https:\/\/doncha.si\/sl\/wp-json\/wp\/v2\/product"}],"about":[{"href":"https:\/\/doncha.si\/sl\/wp-json\/wp\/v2\/types\/product"}],"wp:featuredmedia":[{"embeddable":true,"href":"https:\/\/doncha.si\/sl\/wp-json\/wp\/v2\/media\/4879"}],"wp:attachment":[{"href":"https:\/\/doncha.si\/sl\/wp-json\/wp\/v2\/media?parent=4878"}],"wp:term":[{"taxonomy":"product_brand","embeddable":true,"href":"https:\/\/doncha.si\/sl\/wp-json\/wp\/v2\/product_brand?post=4878"},{"taxonomy":"product_cat","embeddable":true,"href":"https:\/\/doncha.si\/sl\/wp-json\/wp\/v2\/product_cat?post=4878"},{"taxonomy":"product_tag","embeddable":true,"href":"https:\/\/doncha.si\/sl\/wp-json\/wp\/v2\/product_tag?post=4878"}],"curies":[{"name":"wp","href":"https:\/\/api.w.org\/{rel}","templated":true}]}}